{"id":4560,"date":"2021-10-04T09:58:44","date_gmt":"2021-10-04T09:58:44","guid":{"rendered":"https:\/\/eoly-energy.com\/faqs\/lenergie-eolienne-est-elle-lenergie-renouvelable-la-plus-verte%e2%80%af\/"},"modified":"2021-10-04T09:58:44","modified_gmt":"2021-10-04T09:58:44","slug":"lenergie-eolienne-est-elle-lenergie-renouvelable-la-plus-verte%e2%80%af","status":"publish","type":"faq","link":"https:\/\/eoly-energy.com\/fr\/faqs\/lenergie-eolienne-est-elle-lenergie-renouvelable-la-plus-verte%e2%80%af\/","title":{"rendered":"L\u2019\u00e9nergie \u00e9olienne est-elle l\u2019\u00e9nergie renouvelable la plus verte\u202f?"},"content":{"rendered":"<p><span data-contrast=\"auto\">Oui. Et ce, pour trois raisons.\u202f\u202f<\/span><br \/>\n<span data-contrast=\"auto\">Premi\u00e8rement, l\u2019\u00e9olienne r\u00e9cup\u00e8re\u00a0<\/span><span data-contrast=\"auto\">en quelques mois\u00a0<\/span><span data-contrast=\"auto\">l\u2019\u00e9nergie n\u00e9cessaire pour\u00a0<\/span><span data-contrast=\"auto\">sa fabrication, son transport, son installation et finalement son\u00a0<\/span><span data-contrast=\"auto\">recyclage.<\/span><span data-contrast=\"auto\">\u00a0<\/span><span data-contrast=\"auto\">Pass\u00e9e cette p\u00e9riode, toute l\u2019\u00e9lectricit\u00e9 est produite sans \u00e9mission. L\u2019\u00e9olienne fournit donc de l\u2019\u00e9lectricit\u00e9 verte pendant<\/span><span data-contrast=\"none\">\u00a0<\/span><span data-contrast=\"auto\">20 \u00e0 25 ans.<\/span><span data-contrast=\"auto\">.\u202f\u202f<\/span><span data-ccp-props=\"{&quot;201341983&quot;:0,&quot;335559739&quot;:160,&quot;335559740&quot;:259}\">\u00a0<\/span><\/p>\n<p><span data-contrast=\"auto\">Deuxi\u00e8mement,<\/span><span data-contrast=\"auto\"> les pi\u00e8ces d\u2019une \u00e9olienne sont recyclables. Il y a donc peu, voire pas, de gaspillage. Les pales<\/span><span data-contrast=\"auto\">\u00a0sont recyclables dans des applications \u00e0 faible valeur, comme des piquets ou des adjuvants de b\u00e9ton.\u202f\u202f\u202f<\/span><span data-ccp-props=\"{&quot;201341983&quot;:0,&quot;335559739&quot;:160,&quot;335559740&quot;:259}\">\u00a0<\/span><\/p>\n<p><span data-contrast=\"auto\">Troisi\u00e8mement, presque aucune autre technologie \u00e9nerg\u00e9tique ne peut \u00e9galer les \u00e9missions de CO<\/span><span data-contrast=\"auto\">2<\/span><span data-contrast=\"auto\">\u00a0(par kilowattheure g\u00e9n\u00e9r\u00e9) des \u00e9oliennes. L\u2019\u00e9nergie solaire, hydraulique, nucl\u00e9aire et biomasse \u00e9mettent plus de gaz \u00e0 effet de serre. Le score des alternatives fossiles est quant \u00e0 lui bien pire encore.<\/span><span data-ccp-props=\"{&quot;201341983&quot;:0,&quot;335559739&quot;:160,&quot;335559740&quot;:259}\">\u00a0<\/span><\/p>\n","protected":false},"template":"","class_list":["post-4560","faq","type-faq","status-publish","hentry","faq-cat-energieeolienne-fr"],"acf":[],"yoast_head":"<!-- This site is optimized with the Yoast SEO plugin v27.5 - https:\/\/yoast.com\/product\/yoast-seo-wordpress\/ -->\n<title>L\u2019\u00e9nergie \u00e9olienne est-elle l\u2019\u00e9nergie renouvelable la plus verte\u202f? - Eoly<\/title>\n<meta name=\"robots\" content=\"index, follow, max-snippet:-1, max-image-preview:large, max-video-preview:-1\" \/>\n<link rel=\"canonical\" href=\"https:\/\/eoly-energy.com\/fr\/faqs\/lenergie-eolienne-est-elle-lenergie-renouvelable-la-plus-verte%e2%80%af\/\" \/>\n<meta property=\"og:locale\" content=\"fr_FR\" \/>\n<meta property=\"og:type\" content=\"article\" \/>\n<meta property=\"og:title\" content=\"L\u2019\u00e9nergie \u00e9olienne est-elle l\u2019\u00e9nergie renouvelable la plus verte\u202f? - Eoly\" \/>\n<meta property=\"og:description\" content=\"Oui. Et ce, pour trois raisons.\u202f\u202f Premi\u00e8rement, l\u2019\u00e9olienne r\u00e9cup\u00e8re\u00a0en quelques mois\u00a0l\u2019\u00e9nergie n\u00e9cessaire pour\u00a0sa fabrication, son transport, son installation et finalement son\u00a0recyclage.\u00a0Pass\u00e9e cette p\u00e9riode, toute l\u2019\u00e9lectricit\u00e9 est produite sans \u00e9mission. L\u2019\u00e9olienne fournit donc de l\u2019\u00e9lectricit\u00e9 verte pendant\u00a020 \u00e0 25 ans..\u202f\u202f\u00a0 Deuxi\u00e8mement, les pi\u00e8ces d\u2019une \u00e9olienne sont recyclables. Il y a donc peu, voire pas, de gaspillage. &hellip; Continue reading &quot;L\u2019\u00e9nergie \u00e9olienne est-elle l\u2019\u00e9nergie renouvelable la plus verte\u202f?&quot;\" \/>\n<meta property=\"og:url\" content=\"https:\/\/eoly-energy.com\/fr\/faqs\/lenergie-eolienne-est-elle-lenergie-renouvelable-la-plus-verte%e2%80%af\/\" \/>\n<meta property=\"og:site_name\" content=\"Eoly\" \/>\n<meta name=\"twitter:card\" content=\"summary_large_image\" \/>\n<meta name=\"twitter:label1\" content=\"Dur\u00e9e de lecture estim\u00e9e\" \/>\n\t<meta name=\"twitter:data1\" content=\"1 minute\" \/>\n<script type=\"application\/ld+json\" class=\"yoast-schema-graph\">{\"@context\":\"https:\\\/\\\/schema.org\",\"@graph\":[{\"@type\":\"WebPage\",\"@id\":\"https:\\\/\\\/eoly-energy.com\\\/fr\\\/faqs\\\/lenergie-eolienne-est-elle-lenergie-renouvelable-la-plus-verte%e2%80%af\\\/\",\"url\":\"https:\\\/\\\/eoly-energy.com\\\/fr\\\/faqs\\\/lenergie-eolienne-est-elle-lenergie-renouvelable-la-plus-verte%e2%80%af\\\/\",\"name\":\"L\u2019\u00e9nergie \u00e9olienne est-elle l\u2019\u00e9nergie renouvelable la plus verte\u202f? - Eoly\",\"isPartOf\":{\"@id\":\"https:\\\/\\\/eoly-energy.com\\\/fr\\\/#website\"},\"datePublished\":\"2021-10-04T09:58:44+00:00\",\"breadcrumb\":{\"@id\":\"https:\\\/\\\/eoly-energy.com\\\/fr\\\/faqs\\\/lenergie-eolienne-est-elle-lenergie-renouvelable-la-plus-verte%e2%80%af\\\/#breadcrumb\"},\"inLanguage\":\"fr-FR\",\"potentialAction\":[{\"@type\":\"ReadAction\",\"target\":[\"https:\\\/\\\/eoly-energy.com\\\/fr\\\/faqs\\\/lenergie-eolienne-est-elle-lenergie-renouvelable-la-plus-verte%e2%80%af\\\/\"]}]},{\"@type\":\"BreadcrumbList\",\"@id\":\"https:\\\/\\\/eoly-energy.com\\\/fr\\\/faqs\\\/lenergie-eolienne-est-elle-lenergie-renouvelable-la-plus-verte%e2%80%af\\\/#breadcrumb\",\"itemListElement\":[{\"@type\":\"ListItem\",\"position\":1,\"name\":\"Home\",\"item\":\"https:\\\/\\\/eoly-energy.com\\\/fr\\\/\"},{\"@type\":\"ListItem\",\"position\":2,\"name\":\"Faq\",\"item\":\"https:\\\/\\\/eoly-energy.com\\\/fr\\\/faqs\\\/\"},{\"@type\":\"ListItem\",\"position\":3,\"name\":\"L\u2019\u00e9nergie \u00e9olienne est-elle l\u2019\u00e9nergie renouvelable la plus verte\u202f?\"}]},{\"@type\":\"WebSite\",\"@id\":\"https:\\\/\\\/eoly-energy.com\\\/fr\\\/#website\",\"url\":\"https:\\\/\\\/eoly-energy.com\\\/fr\\\/\",\"name\":\"Eoly\",\"description\":\"Er waait een wind van verandering\",\"publisher\":{\"@id\":\"https:\\\/\\\/eoly-energy.com\\\/fr\\\/#organization\"},\"potentialAction\":[{\"@type\":\"SearchAction\",\"target\":{\"@type\":\"EntryPoint\",\"urlTemplate\":\"https:\\\/\\\/eoly-energy.com\\\/fr\\\/?s={search_term_string}\"},\"query-input\":{\"@type\":\"PropertyValueSpecification\",\"valueRequired\":true,\"valueName\":\"search_term_string\"}}],\"inLanguage\":\"fr-FR\"},{\"@type\":\"Organization\",\"@id\":\"https:\\\/\\\/eoly-energy.com\\\/fr\\\/#organization\",\"name\":\"Eoly\",\"url\":\"https:\\\/\\\/eoly-energy.com\\\/fr\\\/\",\"logo\":{\"@type\":\"ImageObject\",\"inLanguage\":\"fr-FR\",\"@id\":\"https:\\\/\\\/eoly-energy.com\\\/fr\\\/#\\\/schema\\\/logo\\\/image\\\/\",\"url\":\"https:\\\/\\\/eoly-energy.com\\\/wp-content\\\/uploads\\\/2025\\\/01\\\/64a9e6bc-8e45-4738-a093-6e93c8bf16f0.png\",\"contentUrl\":\"https:\\\/\\\/eoly-energy.com\\\/wp-content\\\/uploads\\\/2025\\\/01\\\/64a9e6bc-8e45-4738-a093-6e93c8bf16f0.png\",\"width\":1920,\"height\":490,\"caption\":\"Eoly\"},\"image\":{\"@id\":\"https:\\\/\\\/eoly-energy.com\\\/fr\\\/#\\\/schema\\\/logo\\\/image\\\/\"}}]}<\/script>\n<!-- \/ Yoast SEO plugin. -->","yoast_head_json":{"title":"L\u2019\u00e9nergie \u00e9olienne est-elle l\u2019\u00e9nergie renouvelable la plus verte\u202f? - Eoly","robots":{"index":"index","follow":"follow","max-snippet":"max-snippet:-1","max-image-preview":"max-image-preview:large","max-video-preview":"max-video-preview:-1"},"canonical":"https:\/\/eoly-energy.com\/fr\/faqs\/lenergie-eolienne-est-elle-lenergie-renouvelable-la-plus-verte%e2%80%af\/","og_locale":"fr_FR","og_type":"article","og_title":"L\u2019\u00e9nergie \u00e9olienne est-elle l\u2019\u00e9nergie renouvelable la plus verte\u202f? - Eoly","og_description":"Oui. Et ce, pour trois raisons.\u202f\u202f Premi\u00e8rement, l\u2019\u00e9olienne r\u00e9cup\u00e8re\u00a0en quelques mois\u00a0l\u2019\u00e9nergie n\u00e9cessaire pour\u00a0sa fabrication, son transport, son installation et finalement son\u00a0recyclage.\u00a0Pass\u00e9e cette p\u00e9riode, toute l\u2019\u00e9lectricit\u00e9 est produite sans \u00e9mission. L\u2019\u00e9olienne fournit donc de l\u2019\u00e9lectricit\u00e9 verte pendant\u00a020 \u00e0 25 ans..\u202f\u202f\u00a0 Deuxi\u00e8mement, les pi\u00e8ces d\u2019une \u00e9olienne sont recyclables. Il y a donc peu, voire pas, de gaspillage. &hellip; Continue reading \"L\u2019\u00e9nergie \u00e9olienne est-elle l\u2019\u00e9nergie renouvelable la plus verte\u202f?\"","og_url":"https:\/\/eoly-energy.com\/fr\/faqs\/lenergie-eolienne-est-elle-lenergie-renouvelable-la-plus-verte%e2%80%af\/","og_site_name":"Eoly","twitter_card":"summary_large_image","twitter_misc":{"Dur\u00e9e de lecture estim\u00e9e":"1 minute"},"schema":{"@context":"https:\/\/schema.org","@graph":[{"@type":"WebPage","@id":"https:\/\/eoly-energy.com\/fr\/faqs\/lenergie-eolienne-est-elle-lenergie-renouvelable-la-plus-verte%e2%80%af\/","url":"https:\/\/eoly-energy.com\/fr\/faqs\/lenergie-eolienne-est-elle-lenergie-renouvelable-la-plus-verte%e2%80%af\/","name":"L\u2019\u00e9nergie \u00e9olienne est-elle l\u2019\u00e9nergie renouvelable la plus verte\u202f? - Eoly","isPartOf":{"@id":"https:\/\/eoly-energy.com\/fr\/#website"},"datePublished":"2021-10-04T09:58:44+00:00","breadcrumb":{"@id":"https:\/\/eoly-energy.com\/fr\/faqs\/lenergie-eolienne-est-elle-lenergie-renouvelable-la-plus-verte%e2%80%af\/#breadcrumb"},"inLanguage":"fr-FR","potentialAction":[{"@type":"ReadAction","target":["https:\/\/eoly-energy.com\/fr\/faqs\/lenergie-eolienne-est-elle-lenergie-renouvelable-la-plus-verte%e2%80%af\/"]}]},{"@type":"BreadcrumbList","@id":"https:\/\/eoly-energy.com\/fr\/faqs\/lenergie-eolienne-est-elle-lenergie-renouvelable-la-plus-verte%e2%80%af\/#breadcrumb","itemListElement":[{"@type":"ListItem","position":1,"name":"Home","item":"https:\/\/eoly-energy.com\/fr\/"},{"@type":"ListItem","position":2,"name":"Faq","item":"https:\/\/eoly-energy.com\/fr\/faqs\/"},{"@type":"ListItem","position":3,"name":"L\u2019\u00e9nergie \u00e9olienne est-elle l\u2019\u00e9nergie renouvelable la plus verte\u202f?"}]},{"@type":"WebSite","@id":"https:\/\/eoly-energy.com\/fr\/#website","url":"https:\/\/eoly-energy.com\/fr\/","name":"Eoly","description":"Er waait een wind van verandering","publisher":{"@id":"https:\/\/eoly-energy.com\/fr\/#organization"},"potentialAction":[{"@type":"SearchAction","target":{"@type":"EntryPoint","urlTemplate":"https:\/\/eoly-energy.com\/fr\/?s={search_term_string}"},"query-input":{"@type":"PropertyValueSpecification","valueRequired":true,"valueName":"search_term_string"}}],"inLanguage":"fr-FR"},{"@type":"Organization","@id":"https:\/\/eoly-energy.com\/fr\/#organization","name":"Eoly","url":"https:\/\/eoly-energy.com\/fr\/","logo":{"@type":"ImageObject","inLanguage":"fr-FR","@id":"https:\/\/eoly-energy.com\/fr\/#\/schema\/logo\/image\/","url":"https:\/\/eoly-energy.com\/wp-content\/uploads\/2025\/01\/64a9e6bc-8e45-4738-a093-6e93c8bf16f0.png","contentUrl":"https:\/\/eoly-energy.com\/wp-content\/uploads\/2025\/01\/64a9e6bc-8e45-4738-a093-6e93c8bf16f0.png","width":1920,"height":490,"caption":"Eoly"},"image":{"@id":"https:\/\/eoly-energy.com\/fr\/#\/schema\/logo\/image\/"}}]}},"_links":{"self":[{"href":"https:\/\/eoly-energy.com\/fr\/wp-json\/wp\/v2\/faq\/4560","targetHints":{"allow":["GET"]}}],"collection":[{"href":"https:\/\/eoly-energy.com\/fr\/wp-json\/wp\/v2\/faq"}],"about":[{"href":"https:\/\/eoly-energy.com\/fr\/wp-json\/wp\/v2\/types\/faq"}],"wp:attachment":[{"href":"https:\/\/eoly-energy.com\/fr\/wp-json\/wp\/v2\/media?parent=4560"}],"curies":[{"name":"wp","href":"https:\/\/api.w.org\/{rel}","templated":true}]}}