{"id":4556,"date":"2021-10-04T09:48:53","date_gmt":"2021-10-04T09:48:53","guid":{"rendered":"https:\/\/eoly-energy.com\/faqs\/les-eoliennes-creent-elles-une-ombre-portee-importante%e2%80%af\/"},"modified":"2021-10-04T09:48:53","modified_gmt":"2021-10-04T09:48:53","slug":"les-eoliennes-creent-elles-une-ombre-portee-importante%e2%80%af","status":"publish","type":"faq","link":"https:\/\/eoly-energy.com\/fr\/faqs\/les-eoliennes-creent-elles-une-ombre-portee-importante%e2%80%af\/","title":{"rendered":"Les \u00e9oliennes cr\u00e9ent-elles une ombre port\u00e9e importante\u202f?"},"content":{"rendered":"<p><span class=\"TextRun SCXW67427900 BCX0\" lang=\"FR-FR\" xml:lang=\"FR-FR\" data-contrast=\"auto\"><span class=\"NormalTextRun SCXW67427900 BCX0\">Lorsque le soleil brille, les pales de l\u2019\u00e9olienne produisent une ombre en mouvement, que l\u2019on appelle \u00ab\u202fombre port\u00e9e\u202f\u00bb.\u202fEoly respecte scrupuleusement la l\u00e9gislation en la mati\u00e8re.\u202fDans un premier temps, nous dressons la carte des habitations et des ombres port\u00e9es potentielles.\u202fD\u00e8s la mise en \u0153uvre d\u2019une \u00e9olienne, l\u2019ombre port\u00e9e effective par habitation est enregistr\u00e9e jusqu\u2019\u00e0 la seconde pr\u00e8s.\u202fEn\u202f<\/span><\/span><a class=\"Hyperlink SCXW67427900 BCX0\" href=\"https:\/\/navigator.emis.vito.be\/mijn-navigator?woId=40978\" target=\"_blank\" rel=\"noreferrer noopener\"><span class=\"TextRun Underlined SCXW67427900 BCX0\" lang=\"FR-FR\" xml:lang=\"FR-FR\" data-contrast=\"none\"><span class=\"NormalTextRun SCXW67427900 BCX0\" data-ccp-charstyle=\"Hyperlink\">Flandre<\/span><\/span><\/a><span class=\"TextRun SCXW67427900 BCX0\" lang=\"FR-FR\" xml:lang=\"FR-FR\" data-contrast=\"auto\"><span class=\"NormalTextRun SCXW67427900 BCX0\">, l\u2019ombre port\u00e9e ne peut jamais exc\u00e9der 4\u202fheures par an et 30\u202fminutes par jour.\u202fEn\u00a0<\/span><\/span><a class=\"Hyperlink SCXW67427900 BCX0\" href=\"https:\/\/energie.wallonie.be\/servlet\/Repository\/cdr.pdf?ID=28134\" target=\"_blank\" rel=\"noreferrer noopener\"><span class=\"TextRun Underlined SCXW67427900 BCX0\" lang=\"FR-FR\" xml:lang=\"FR-FR\" data-contrast=\"none\"><span class=\"NormalTextRun SCXW67427900 BCX0\" data-ccp-charstyle=\"Hyperlink\">Wallonie<\/span><\/span><\/a><span class=\"TextRun SCXW67427900 BCX0\" lang=\"FR-FR\" xml:lang=\"FR-FR\" data-contrast=\"auto\"><span class=\"NormalTextRun SCXW67427900 BCX0\">, le maximum est fix\u00e9 \u00e0 30\u202fheures par an et<\/span><\/span><span class=\"TrackedChange SCXW67427900 BCX0\"><span class=\"TextRun SCXW67427900 BCX0\" lang=\"FR-FR\" xml:lang=\"FR-FR\" data-contrast=\"none\"><span class=\"NormalTextRun SCXW67427900 BCX0\">\u00a0<\/span><\/span><\/span><span class=\"TrackChangeTextInsertion TrackedChange SCXW67427900 BCX0\"><span class=\"TextRun SCXW67427900 BCX0\" lang=\"FR-FR\" xml:lang=\"FR-FR\" data-contrast=\"auto\"><span class=\"NormalTextRun SCXW67427900 BCX0\">30 minutes\u00a0<\/span><\/span><\/span><span class=\"TextRun SCXW67427900 BCX0\" lang=\"FR-FR\" xml:lang=\"FR-FR\" data-contrast=\"auto\"><span class=\"NormalTextRun SCXW67427900 BCX0\">par jour.<\/span><\/span><\/p>\n","protected":false},"template":"","class_list":["post-4556","faq","type-faq","status-publish","hentry","faq-cat-energieeolienne-fr"],"acf":[],"yoast_head":"<!-- This site is optimized with the Yoast SEO plugin v27.5 - https:\/\/yoast.com\/product\/yoast-seo-wordpress\/ -->\n<title>Les \u00e9oliennes cr\u00e9ent-elles une ombre port\u00e9e importante\u202f? - Eoly<\/title>\n<meta name=\"robots\" content=\"index, follow, max-snippet:-1, max-image-preview:large, max-video-preview:-1\" \/>\n<link rel=\"canonical\" href=\"https:\/\/eoly-energy.com\/fr\/faqs\/les-eoliennes-creent-elles-une-ombre-portee-importante%e2%80%af\/\" \/>\n<meta property=\"og:locale\" content=\"fr_FR\" \/>\n<meta property=\"og:type\" content=\"article\" \/>\n<meta property=\"og:title\" content=\"Les \u00e9oliennes cr\u00e9ent-elles une ombre port\u00e9e importante\u202f? - Eoly\" \/>\n<meta property=\"og:description\" content=\"Lorsque le soleil brille, les pales de l\u2019\u00e9olienne produisent une ombre en mouvement, que l\u2019on appelle \u00ab\u202fombre port\u00e9e\u202f\u00bb.\u202fEoly respecte scrupuleusement la l\u00e9gislation en la mati\u00e8re.\u202fDans un premier temps, nous dressons la carte des habitations et des ombres port\u00e9es potentielles.\u202fD\u00e8s la mise en \u0153uvre d\u2019une \u00e9olienne, l\u2019ombre port\u00e9e effective par habitation est enregistr\u00e9e jusqu\u2019\u00e0 la seconde &hellip; Continue reading &quot;Les \u00e9oliennes cr\u00e9ent-elles une ombre port\u00e9e importante\u202f?&quot;\" \/>\n<meta property=\"og:url\" content=\"https:\/\/eoly-energy.com\/fr\/faqs\/les-eoliennes-creent-elles-une-ombre-portee-importante%e2%80%af\/\" \/>\n<meta property=\"og:site_name\" content=\"Eoly\" \/>\n<meta name=\"twitter:card\" content=\"summary_large_image\" \/>\n<meta name=\"twitter:label1\" content=\"Dur\u00e9e de lecture estim\u00e9e\" \/>\n\t<meta name=\"twitter:data1\" content=\"1 minute\" \/>\n<script type=\"application\/ld+json\" class=\"yoast-schema-graph\">{\"@context\":\"https:\\\/\\\/schema.org\",\"@graph\":[{\"@type\":\"WebPage\",\"@id\":\"https:\\\/\\\/eoly-energy.com\\\/fr\\\/faqs\\\/les-eoliennes-creent-elles-une-ombre-portee-importante%e2%80%af\\\/\",\"url\":\"https:\\\/\\\/eoly-energy.com\\\/fr\\\/faqs\\\/les-eoliennes-creent-elles-une-ombre-portee-importante%e2%80%af\\\/\",\"name\":\"Les \u00e9oliennes cr\u00e9ent-elles une ombre port\u00e9e importante\u202f? - Eoly\",\"isPartOf\":{\"@id\":\"https:\\\/\\\/eoly-energy.com\\\/fr\\\/#website\"},\"datePublished\":\"2021-10-04T09:48:53+00:00\",\"breadcrumb\":{\"@id\":\"https:\\\/\\\/eoly-energy.com\\\/fr\\\/faqs\\\/les-eoliennes-creent-elles-une-ombre-portee-importante%e2%80%af\\\/#breadcrumb\"},\"inLanguage\":\"fr-FR\",\"potentialAction\":[{\"@type\":\"ReadAction\",\"target\":[\"https:\\\/\\\/eoly-energy.com\\\/fr\\\/faqs\\\/les-eoliennes-creent-elles-une-ombre-portee-importante%e2%80%af\\\/\"]}]},{\"@type\":\"BreadcrumbList\",\"@id\":\"https:\\\/\\\/eoly-energy.com\\\/fr\\\/faqs\\\/les-eoliennes-creent-elles-une-ombre-portee-importante%e2%80%af\\\/#breadcrumb\",\"itemListElement\":[{\"@type\":\"ListItem\",\"position\":1,\"name\":\"Home\",\"item\":\"https:\\\/\\\/eoly-energy.com\\\/fr\\\/\"},{\"@type\":\"ListItem\",\"position\":2,\"name\":\"Faq\",\"item\":\"https:\\\/\\\/eoly-energy.com\\\/fr\\\/faqs\\\/\"},{\"@type\":\"ListItem\",\"position\":3,\"name\":\"Les \u00e9oliennes cr\u00e9ent-elles une ombre port\u00e9e importante\u202f?\"}]},{\"@type\":\"WebSite\",\"@id\":\"https:\\\/\\\/eoly-energy.com\\\/fr\\\/#website\",\"url\":\"https:\\\/\\\/eoly-energy.com\\\/fr\\\/\",\"name\":\"Eoly\",\"description\":\"Er waait een wind van verandering\",\"publisher\":{\"@id\":\"https:\\\/\\\/eoly-energy.com\\\/fr\\\/#organization\"},\"potentialAction\":[{\"@type\":\"SearchAction\",\"target\":{\"@type\":\"EntryPoint\",\"urlTemplate\":\"https:\\\/\\\/eoly-energy.com\\\/fr\\\/?s={search_term_string}\"},\"query-input\":{\"@type\":\"PropertyValueSpecification\",\"valueRequired\":true,\"valueName\":\"search_term_string\"}}],\"inLanguage\":\"fr-FR\"},{\"@type\":\"Organization\",\"@id\":\"https:\\\/\\\/eoly-energy.com\\\/fr\\\/#organization\",\"name\":\"Eoly\",\"url\":\"https:\\\/\\\/eoly-energy.com\\\/fr\\\/\",\"logo\":{\"@type\":\"ImageObject\",\"inLanguage\":\"fr-FR\",\"@id\":\"https:\\\/\\\/eoly-energy.com\\\/fr\\\/#\\\/schema\\\/logo\\\/image\\\/\",\"url\":\"https:\\\/\\\/eoly-energy.com\\\/wp-content\\\/uploads\\\/2025\\\/01\\\/64a9e6bc-8e45-4738-a093-6e93c8bf16f0.png\",\"contentUrl\":\"https:\\\/\\\/eoly-energy.com\\\/wp-content\\\/uploads\\\/2025\\\/01\\\/64a9e6bc-8e45-4738-a093-6e93c8bf16f0.png\",\"width\":1920,\"height\":490,\"caption\":\"Eoly\"},\"image\":{\"@id\":\"https:\\\/\\\/eoly-energy.com\\\/fr\\\/#\\\/schema\\\/logo\\\/image\\\/\"}}]}<\/script>\n<!-- \/ Yoast SEO plugin. -->","yoast_head_json":{"title":"Les \u00e9oliennes cr\u00e9ent-elles une ombre port\u00e9e importante\u202f? - Eoly","robots":{"index":"index","follow":"follow","max-snippet":"max-snippet:-1","max-image-preview":"max-image-preview:large","max-video-preview":"max-video-preview:-1"},"canonical":"https:\/\/eoly-energy.com\/fr\/faqs\/les-eoliennes-creent-elles-une-ombre-portee-importante%e2%80%af\/","og_locale":"fr_FR","og_type":"article","og_title":"Les \u00e9oliennes cr\u00e9ent-elles une ombre port\u00e9e importante\u202f? - Eoly","og_description":"Lorsque le soleil brille, les pales de l\u2019\u00e9olienne produisent une ombre en mouvement, que l\u2019on appelle \u00ab\u202fombre port\u00e9e\u202f\u00bb.\u202fEoly respecte scrupuleusement la l\u00e9gislation en la mati\u00e8re.\u202fDans un premier temps, nous dressons la carte des habitations et des ombres port\u00e9es potentielles.\u202fD\u00e8s la mise en \u0153uvre d\u2019une \u00e9olienne, l\u2019ombre port\u00e9e effective par habitation est enregistr\u00e9e jusqu\u2019\u00e0 la seconde &hellip; Continue reading \"Les \u00e9oliennes cr\u00e9ent-elles une ombre port\u00e9e importante\u202f?\"","og_url":"https:\/\/eoly-energy.com\/fr\/faqs\/les-eoliennes-creent-elles-une-ombre-portee-importante%e2%80%af\/","og_site_name":"Eoly","twitter_card":"summary_large_image","twitter_misc":{"Dur\u00e9e de lecture estim\u00e9e":"1 minute"},"schema":{"@context":"https:\/\/schema.org","@graph":[{"@type":"WebPage","@id":"https:\/\/eoly-energy.com\/fr\/faqs\/les-eoliennes-creent-elles-une-ombre-portee-importante%e2%80%af\/","url":"https:\/\/eoly-energy.com\/fr\/faqs\/les-eoliennes-creent-elles-une-ombre-portee-importante%e2%80%af\/","name":"Les \u00e9oliennes cr\u00e9ent-elles une ombre port\u00e9e importante\u202f? - Eoly","isPartOf":{"@id":"https:\/\/eoly-energy.com\/fr\/#website"},"datePublished":"2021-10-04T09:48:53+00:00","breadcrumb":{"@id":"https:\/\/eoly-energy.com\/fr\/faqs\/les-eoliennes-creent-elles-une-ombre-portee-importante%e2%80%af\/#breadcrumb"},"inLanguage":"fr-FR","potentialAction":[{"@type":"ReadAction","target":["https:\/\/eoly-energy.com\/fr\/faqs\/les-eoliennes-creent-elles-une-ombre-portee-importante%e2%80%af\/"]}]},{"@type":"BreadcrumbList","@id":"https:\/\/eoly-energy.com\/fr\/faqs\/les-eoliennes-creent-elles-une-ombre-portee-importante%e2%80%af\/#breadcrumb","itemListElement":[{"@type":"ListItem","position":1,"name":"Home","item":"https:\/\/eoly-energy.com\/fr\/"},{"@type":"ListItem","position":2,"name":"Faq","item":"https:\/\/eoly-energy.com\/fr\/faqs\/"},{"@type":"ListItem","position":3,"name":"Les \u00e9oliennes cr\u00e9ent-elles une ombre port\u00e9e importante\u202f?"}]},{"@type":"WebSite","@id":"https:\/\/eoly-energy.com\/fr\/#website","url":"https:\/\/eoly-energy.com\/fr\/","name":"Eoly","description":"Er waait een wind van verandering","publisher":{"@id":"https:\/\/eoly-energy.com\/fr\/#organization"},"potentialAction":[{"@type":"SearchAction","target":{"@type":"EntryPoint","urlTemplate":"https:\/\/eoly-energy.com\/fr\/?s={search_term_string}"},"query-input":{"@type":"PropertyValueSpecification","valueRequired":true,"valueName":"search_term_string"}}],"inLanguage":"fr-FR"},{"@type":"Organization","@id":"https:\/\/eoly-energy.com\/fr\/#organization","name":"Eoly","url":"https:\/\/eoly-energy.com\/fr\/","logo":{"@type":"ImageObject","inLanguage":"fr-FR","@id":"https:\/\/eoly-energy.com\/fr\/#\/schema\/logo\/image\/","url":"https:\/\/eoly-energy.com\/wp-content\/uploads\/2025\/01\/64a9e6bc-8e45-4738-a093-6e93c8bf16f0.png","contentUrl":"https:\/\/eoly-energy.com\/wp-content\/uploads\/2025\/01\/64a9e6bc-8e45-4738-a093-6e93c8bf16f0.png","width":1920,"height":490,"caption":"Eoly"},"image":{"@id":"https:\/\/eoly-energy.com\/fr\/#\/schema\/logo\/image\/"}}]}},"_links":{"self":[{"href":"https:\/\/eoly-energy.com\/fr\/wp-json\/wp\/v2\/faq\/4556","targetHints":{"allow":["GET"]}}],"collection":[{"href":"https:\/\/eoly-energy.com\/fr\/wp-json\/wp\/v2\/faq"}],"about":[{"href":"https:\/\/eoly-energy.com\/fr\/wp-json\/wp\/v2\/types\/faq"}],"wp:attachment":[{"href":"https:\/\/eoly-energy.com\/fr\/wp-json\/wp\/v2\/media?parent=4556"}],"curies":[{"name":"wp","href":"https:\/\/api.w.org\/{rel}","templated":true}]}}