{"id":4555,"date":"2021-10-04T09:48:14","date_gmt":"2021-10-04T09:48:14","guid":{"rendered":"https:\/\/eoly-energy.com\/faqs\/les-eoliennes-deteriorent-elles-le-paysage%e2%80%af\/"},"modified":"2021-10-04T09:48:14","modified_gmt":"2021-10-04T09:48:14","slug":"les-eoliennes-deteriorent-elles-le-paysage%e2%80%af","status":"publish","type":"faq","link":"https:\/\/eoly-energy.com\/fr\/faqs\/les-eoliennes-deteriorent-elles-le-paysage%e2%80%af\/","title":{"rendered":"Les \u00e9oliennes d\u00e9t\u00e9riorent-elles le paysage\u202f?"},"content":{"rendered":"<p><span data-contrast=\"auto\">Les \u00e9oliennes sont le plus possible situ\u00e9es dans des endroits tr\u00e8s fr\u00e9quent\u00e9s comme les zones industrielles, les ports, les autoroutes, etc. afin de minimiser leur impact sur le paysage. Mais une \u00e9olienne capte naturellement plus de vent dans une zone d\u00e9gag\u00e9e. Pour limiter leur impact visuel, les \u00e9oliennes y sont regroup\u00e9es. Lorsque nous installons des \u00e9oliennes dans des zones plus habit\u00e9es, nous dialoguons avec les riverains et les autorit\u00e9s communales pour soutenir des initiatives vertes dans la r\u00e9gion.\u202f\u202f<\/span><span data-ccp-props=\"{&quot;201341983&quot;:0,&quot;335559739&quot;:160,&quot;335559740&quot;:259}\">\u00a0<\/span><\/p>\n<p><span data-contrast=\"auto\">L\u2019\u00e9clairage des \u00e9oliennes a naturellement aussi un impact sur le paysage. Ce balisage est souvent indispensable pour avertir le trafic a\u00e9rien de la pr\u00e9sence d\u2019\u00e9oliennes et garantir la s\u00e9curit\u00e9 des riverains. Les autorit\u00e9s d\u00e9cident si un balisage clignotant est n\u00e9cessaire.<\/span><span data-ccp-props=\"{&quot;201341983&quot;:0,&quot;335559739&quot;:160,&quot;335559740&quot;:259}\">\u00a0<\/span><\/p>\n","protected":false},"template":"","class_list":["post-4555","faq","type-faq","status-publish","hentry","faq-cat-energieeolienne-fr"],"acf":[],"yoast_head":"<!-- This site is optimized with the Yoast SEO plugin v27.5 - https:\/\/yoast.com\/product\/yoast-seo-wordpress\/ -->\n<title>Les \u00e9oliennes d\u00e9t\u00e9riorent-elles le paysage\u202f? - Eoly<\/title>\n<meta name=\"robots\" content=\"index, follow, max-snippet:-1, max-image-preview:large, max-video-preview:-1\" \/>\n<link rel=\"canonical\" href=\"https:\/\/eoly-energy.com\/fr\/faqs\/les-eoliennes-deteriorent-elles-le-paysage%e2%80%af\/\" \/>\n<meta property=\"og:locale\" content=\"fr_FR\" \/>\n<meta property=\"og:type\" content=\"article\" \/>\n<meta property=\"og:title\" content=\"Les \u00e9oliennes d\u00e9t\u00e9riorent-elles le paysage\u202f? - Eoly\" \/>\n<meta property=\"og:description\" content=\"Les \u00e9oliennes sont le plus possible situ\u00e9es dans des endroits tr\u00e8s fr\u00e9quent\u00e9s comme les zones industrielles, les ports, les autoroutes, etc. afin de minimiser leur impact sur le paysage. Mais une \u00e9olienne capte naturellement plus de vent dans une zone d\u00e9gag\u00e9e. Pour limiter leur impact visuel, les \u00e9oliennes y sont regroup\u00e9es. Lorsque nous installons des &hellip; Continue reading &quot;Les \u00e9oliennes d\u00e9t\u00e9riorent-elles le paysage\u202f?&quot;\" \/>\n<meta property=\"og:url\" content=\"https:\/\/eoly-energy.com\/fr\/faqs\/les-eoliennes-deteriorent-elles-le-paysage%e2%80%af\/\" \/>\n<meta property=\"og:site_name\" content=\"Eoly\" \/>\n<meta name=\"twitter:card\" content=\"summary_large_image\" \/>\n<meta name=\"twitter:label1\" content=\"Dur\u00e9e de lecture estim\u00e9e\" \/>\n\t<meta name=\"twitter:data1\" content=\"1 minute\" \/>\n<script type=\"application\/ld+json\" class=\"yoast-schema-graph\">{\"@context\":\"https:\\\/\\\/schema.org\",\"@graph\":[{\"@type\":\"WebPage\",\"@id\":\"https:\\\/\\\/eoly-energy.com\\\/fr\\\/faqs\\\/les-eoliennes-deteriorent-elles-le-paysage%e2%80%af\\\/\",\"url\":\"https:\\\/\\\/eoly-energy.com\\\/fr\\\/faqs\\\/les-eoliennes-deteriorent-elles-le-paysage%e2%80%af\\\/\",\"name\":\"Les \u00e9oliennes d\u00e9t\u00e9riorent-elles le paysage\u202f? - Eoly\",\"isPartOf\":{\"@id\":\"https:\\\/\\\/eoly-energy.com\\\/fr\\\/#website\"},\"datePublished\":\"2021-10-04T09:48:14+00:00\",\"breadcrumb\":{\"@id\":\"https:\\\/\\\/eoly-energy.com\\\/fr\\\/faqs\\\/les-eoliennes-deteriorent-elles-le-paysage%e2%80%af\\\/#breadcrumb\"},\"inLanguage\":\"fr-FR\",\"potentialAction\":[{\"@type\":\"ReadAction\",\"target\":[\"https:\\\/\\\/eoly-energy.com\\\/fr\\\/faqs\\\/les-eoliennes-deteriorent-elles-le-paysage%e2%80%af\\\/\"]}]},{\"@type\":\"BreadcrumbList\",\"@id\":\"https:\\\/\\\/eoly-energy.com\\\/fr\\\/faqs\\\/les-eoliennes-deteriorent-elles-le-paysage%e2%80%af\\\/#breadcrumb\",\"itemListElement\":[{\"@type\":\"ListItem\",\"position\":1,\"name\":\"Home\",\"item\":\"https:\\\/\\\/eoly-energy.com\\\/fr\\\/\"},{\"@type\":\"ListItem\",\"position\":2,\"name\":\"Faq\",\"item\":\"https:\\\/\\\/eoly-energy.com\\\/fr\\\/faqs\\\/\"},{\"@type\":\"ListItem\",\"position\":3,\"name\":\"Les \u00e9oliennes d\u00e9t\u00e9riorent-elles le paysage\u202f?\"}]},{\"@type\":\"WebSite\",\"@id\":\"https:\\\/\\\/eoly-energy.com\\\/fr\\\/#website\",\"url\":\"https:\\\/\\\/eoly-energy.com\\\/fr\\\/\",\"name\":\"Eoly\",\"description\":\"Er waait een wind van verandering\",\"publisher\":{\"@id\":\"https:\\\/\\\/eoly-energy.com\\\/fr\\\/#organization\"},\"potentialAction\":[{\"@type\":\"SearchAction\",\"target\":{\"@type\":\"EntryPoint\",\"urlTemplate\":\"https:\\\/\\\/eoly-energy.com\\\/fr\\\/?s={search_term_string}\"},\"query-input\":{\"@type\":\"PropertyValueSpecification\",\"valueRequired\":true,\"valueName\":\"search_term_string\"}}],\"inLanguage\":\"fr-FR\"},{\"@type\":\"Organization\",\"@id\":\"https:\\\/\\\/eoly-energy.com\\\/fr\\\/#organization\",\"name\":\"Eoly\",\"url\":\"https:\\\/\\\/eoly-energy.com\\\/fr\\\/\",\"logo\":{\"@type\":\"ImageObject\",\"inLanguage\":\"fr-FR\",\"@id\":\"https:\\\/\\\/eoly-energy.com\\\/fr\\\/#\\\/schema\\\/logo\\\/image\\\/\",\"url\":\"https:\\\/\\\/eoly-energy.com\\\/wp-content\\\/uploads\\\/2025\\\/01\\\/64a9e6bc-8e45-4738-a093-6e93c8bf16f0.png\",\"contentUrl\":\"https:\\\/\\\/eoly-energy.com\\\/wp-content\\\/uploads\\\/2025\\\/01\\\/64a9e6bc-8e45-4738-a093-6e93c8bf16f0.png\",\"width\":1920,\"height\":490,\"caption\":\"Eoly\"},\"image\":{\"@id\":\"https:\\\/\\\/eoly-energy.com\\\/fr\\\/#\\\/schema\\\/logo\\\/image\\\/\"}}]}<\/script>\n<!-- \/ Yoast SEO plugin. -->","yoast_head_json":{"title":"Les \u00e9oliennes d\u00e9t\u00e9riorent-elles le paysage\u202f? - Eoly","robots":{"index":"index","follow":"follow","max-snippet":"max-snippet:-1","max-image-preview":"max-image-preview:large","max-video-preview":"max-video-preview:-1"},"canonical":"https:\/\/eoly-energy.com\/fr\/faqs\/les-eoliennes-deteriorent-elles-le-paysage%e2%80%af\/","og_locale":"fr_FR","og_type":"article","og_title":"Les \u00e9oliennes d\u00e9t\u00e9riorent-elles le paysage\u202f? - Eoly","og_description":"Les \u00e9oliennes sont le plus possible situ\u00e9es dans des endroits tr\u00e8s fr\u00e9quent\u00e9s comme les zones industrielles, les ports, les autoroutes, etc. afin de minimiser leur impact sur le paysage. Mais une \u00e9olienne capte naturellement plus de vent dans une zone d\u00e9gag\u00e9e. Pour limiter leur impact visuel, les \u00e9oliennes y sont regroup\u00e9es. Lorsque nous installons des &hellip; Continue reading \"Les \u00e9oliennes d\u00e9t\u00e9riorent-elles le paysage\u202f?\"","og_url":"https:\/\/eoly-energy.com\/fr\/faqs\/les-eoliennes-deteriorent-elles-le-paysage%e2%80%af\/","og_site_name":"Eoly","twitter_card":"summary_large_image","twitter_misc":{"Dur\u00e9e de lecture estim\u00e9e":"1 minute"},"schema":{"@context":"https:\/\/schema.org","@graph":[{"@type":"WebPage","@id":"https:\/\/eoly-energy.com\/fr\/faqs\/les-eoliennes-deteriorent-elles-le-paysage%e2%80%af\/","url":"https:\/\/eoly-energy.com\/fr\/faqs\/les-eoliennes-deteriorent-elles-le-paysage%e2%80%af\/","name":"Les \u00e9oliennes d\u00e9t\u00e9riorent-elles le paysage\u202f? - Eoly","isPartOf":{"@id":"https:\/\/eoly-energy.com\/fr\/#website"},"datePublished":"2021-10-04T09:48:14+00:00","breadcrumb":{"@id":"https:\/\/eoly-energy.com\/fr\/faqs\/les-eoliennes-deteriorent-elles-le-paysage%e2%80%af\/#breadcrumb"},"inLanguage":"fr-FR","potentialAction":[{"@type":"ReadAction","target":["https:\/\/eoly-energy.com\/fr\/faqs\/les-eoliennes-deteriorent-elles-le-paysage%e2%80%af\/"]}]},{"@type":"BreadcrumbList","@id":"https:\/\/eoly-energy.com\/fr\/faqs\/les-eoliennes-deteriorent-elles-le-paysage%e2%80%af\/#breadcrumb","itemListElement":[{"@type":"ListItem","position":1,"name":"Home","item":"https:\/\/eoly-energy.com\/fr\/"},{"@type":"ListItem","position":2,"name":"Faq","item":"https:\/\/eoly-energy.com\/fr\/faqs\/"},{"@type":"ListItem","position":3,"name":"Les \u00e9oliennes d\u00e9t\u00e9riorent-elles le paysage\u202f?"}]},{"@type":"WebSite","@id":"https:\/\/eoly-energy.com\/fr\/#website","url":"https:\/\/eoly-energy.com\/fr\/","name":"Eoly","description":"Er waait een wind van verandering","publisher":{"@id":"https:\/\/eoly-energy.com\/fr\/#organization"},"potentialAction":[{"@type":"SearchAction","target":{"@type":"EntryPoint","urlTemplate":"https:\/\/eoly-energy.com\/fr\/?s={search_term_string}"},"query-input":{"@type":"PropertyValueSpecification","valueRequired":true,"valueName":"search_term_string"}}],"inLanguage":"fr-FR"},{"@type":"Organization","@id":"https:\/\/eoly-energy.com\/fr\/#organization","name":"Eoly","url":"https:\/\/eoly-energy.com\/fr\/","logo":{"@type":"ImageObject","inLanguage":"fr-FR","@id":"https:\/\/eoly-energy.com\/fr\/#\/schema\/logo\/image\/","url":"https:\/\/eoly-energy.com\/wp-content\/uploads\/2025\/01\/64a9e6bc-8e45-4738-a093-6e93c8bf16f0.png","contentUrl":"https:\/\/eoly-energy.com\/wp-content\/uploads\/2025\/01\/64a9e6bc-8e45-4738-a093-6e93c8bf16f0.png","width":1920,"height":490,"caption":"Eoly"},"image":{"@id":"https:\/\/eoly-energy.com\/fr\/#\/schema\/logo\/image\/"}}]}},"_links":{"self":[{"href":"https:\/\/eoly-energy.com\/fr\/wp-json\/wp\/v2\/faq\/4555","targetHints":{"allow":["GET"]}}],"collection":[{"href":"https:\/\/eoly-energy.com\/fr\/wp-json\/wp\/v2\/faq"}],"about":[{"href":"https:\/\/eoly-energy.com\/fr\/wp-json\/wp\/v2\/types\/faq"}],"wp:attachment":[{"href":"https:\/\/eoly-energy.com\/fr\/wp-json\/wp\/v2\/media?parent=4555"}],"curies":[{"name":"wp","href":"https:\/\/api.w.org\/{rel}","templated":true}]}}