{"id":4553,"date":"2021-10-04T09:42:12","date_gmt":"2021-10-04T09:42:12","guid":{"rendered":"https:\/\/eoly-energy.com\/faqs\/le-bruit-des-eoliennes-a-t-il-un-impact-sur-la-sante%e2%80%af\/"},"modified":"2021-10-04T09:42:12","modified_gmt":"2021-10-04T09:42:12","slug":"le-bruit-des-eoliennes-a-t-il-un-impact-sur-la-sante%e2%80%af","status":"publish","type":"faq","link":"https:\/\/eoly-energy.com\/fr\/faqs\/le-bruit-des-eoliennes-a-t-il-un-impact-sur-la-sante%e2%80%af\/","title":{"rendered":"Le bruit des \u00e9oliennes a-t-il un impact sur la sant\u00e9\u202f?"},"content":{"rendered":"<p><span class=\"TextRun SCXW134317629 BCX0\" lang=\"FR-FR\" xml:lang=\"FR-FR\" data-contrast=\"auto\"><span class=\"NormalTextRun SCXW134317629 BCX0\">De nombreuses recherches ont \u00e9t\u00e9 men\u00e9es sur les effets du bruit sur la sant\u00e9. Aucune de ces \u00e9tudes ne d\u00e9montre que le bruit provoque de la fatigue ou des hausses de tension.\u202fCertaines personnes sont toutefois d\u00e9rang\u00e9es par les \u00e9oliennes. Mais la mani\u00e8re dont le projet est mis sur pied influence probablement l\u2019exp\u00e9rience sonore des riverains.\u202f<\/span><\/span><a class=\"Hyperlink SCXW134317629 BCX0\" href=\"https:\/\/www.rivm.nl\/sites\/default\/files\/2018-11\/Kennisbericht_Geluid_van_windturbines_versie_1punt0_20150611.pdf\" target=\"_blank\" rel=\"noreferrer noopener\"><span class=\"TextRun Underlined SCXW134317629 BCX0\" lang=\"FR-FR\" xml:lang=\"FR-FR\" data-contrast=\"none\"><span class=\"NormalTextRun SCXW134317629 BCX0\" data-ccp-charstyle=\"Hyperlink\">En savoir plus<\/span><\/span><\/a><span class=\"TextRun SCXW134317629 BCX0\" lang=\"FR-FR\" xml:lang=\"FR-FR\" data-contrast=\"auto\"><span class=\"NormalTextRun SCXW134317629 BCX0\">\u202f?\u202f\u202f<\/span><\/span><span class=\"EOP SCXW134317629 BCX0\" data-ccp-props=\"{&quot;201341983&quot;:0,&quot;335559739&quot;:160,&quot;335559740&quot;:259}\">\u00a0<\/span><\/p>\n","protected":false},"template":"","class_list":["post-4553","faq","type-faq","status-publish","hentry","faq-cat-energieeolienne-fr"],"acf":[],"yoast_head":"<!-- This site is optimized with the Yoast SEO plugin v27.5 - https:\/\/yoast.com\/product\/yoast-seo-wordpress\/ -->\n<title>Le bruit des \u00e9oliennes a-t-il un impact sur la sant\u00e9\u202f? - Eoly<\/title>\n<meta name=\"robots\" content=\"index, follow, max-snippet:-1, max-image-preview:large, max-video-preview:-1\" \/>\n<link rel=\"canonical\" href=\"https:\/\/eoly-energy.com\/fr\/faqs\/le-bruit-des-eoliennes-a-t-il-un-impact-sur-la-sante%e2%80%af\/\" \/>\n<meta property=\"og:locale\" content=\"fr_FR\" \/>\n<meta property=\"og:type\" content=\"article\" \/>\n<meta property=\"og:title\" content=\"Le bruit des \u00e9oliennes a-t-il un impact sur la sant\u00e9\u202f? - Eoly\" \/>\n<meta property=\"og:description\" content=\"De nombreuses recherches ont \u00e9t\u00e9 men\u00e9es sur les effets du bruit sur la sant\u00e9. Aucune de ces \u00e9tudes ne d\u00e9montre que le bruit provoque de la fatigue ou des hausses de tension.\u202fCertaines personnes sont toutefois d\u00e9rang\u00e9es par les \u00e9oliennes. Mais la mani\u00e8re dont le projet est mis sur pied influence probablement l\u2019exp\u00e9rience sonore des riverains.\u202fEn &hellip; Continue reading &quot;Le bruit des \u00e9oliennes a-t-il un impact sur la sant\u00e9\u202f?&quot;\" \/>\n<meta property=\"og:url\" content=\"https:\/\/eoly-energy.com\/fr\/faqs\/le-bruit-des-eoliennes-a-t-il-un-impact-sur-la-sante%e2%80%af\/\" \/>\n<meta property=\"og:site_name\" content=\"Eoly\" \/>\n<meta name=\"twitter:card\" content=\"summary_large_image\" \/>\n<script type=\"application\/ld+json\" class=\"yoast-schema-graph\">{\"@context\":\"https:\\\/\\\/schema.org\",\"@graph\":[{\"@type\":\"WebPage\",\"@id\":\"https:\\\/\\\/eoly-energy.com\\\/fr\\\/faqs\\\/le-bruit-des-eoliennes-a-t-il-un-impact-sur-la-sante%e2%80%af\\\/\",\"url\":\"https:\\\/\\\/eoly-energy.com\\\/fr\\\/faqs\\\/le-bruit-des-eoliennes-a-t-il-un-impact-sur-la-sante%e2%80%af\\\/\",\"name\":\"Le bruit des \u00e9oliennes a-t-il un impact sur la sant\u00e9\u202f? - Eoly\",\"isPartOf\":{\"@id\":\"https:\\\/\\\/eoly-energy.com\\\/fr\\\/#website\"},\"datePublished\":\"2021-10-04T09:42:12+00:00\",\"breadcrumb\":{\"@id\":\"https:\\\/\\\/eoly-energy.com\\\/fr\\\/faqs\\\/le-bruit-des-eoliennes-a-t-il-un-impact-sur-la-sante%e2%80%af\\\/#breadcrumb\"},\"inLanguage\":\"fr-FR\",\"potentialAction\":[{\"@type\":\"ReadAction\",\"target\":[\"https:\\\/\\\/eoly-energy.com\\\/fr\\\/faqs\\\/le-bruit-des-eoliennes-a-t-il-un-impact-sur-la-sante%e2%80%af\\\/\"]}]},{\"@type\":\"BreadcrumbList\",\"@id\":\"https:\\\/\\\/eoly-energy.com\\\/fr\\\/faqs\\\/le-bruit-des-eoliennes-a-t-il-un-impact-sur-la-sante%e2%80%af\\\/#breadcrumb\",\"itemListElement\":[{\"@type\":\"ListItem\",\"position\":1,\"name\":\"Home\",\"item\":\"https:\\\/\\\/eoly-energy.com\\\/fr\\\/\"},{\"@type\":\"ListItem\",\"position\":2,\"name\":\"Faq\",\"item\":\"https:\\\/\\\/eoly-energy.com\\\/fr\\\/faqs\\\/\"},{\"@type\":\"ListItem\",\"position\":3,\"name\":\"Le bruit des \u00e9oliennes a-t-il un impact sur la sant\u00e9\u202f?\"}]},{\"@type\":\"WebSite\",\"@id\":\"https:\\\/\\\/eoly-energy.com\\\/fr\\\/#website\",\"url\":\"https:\\\/\\\/eoly-energy.com\\\/fr\\\/\",\"name\":\"Eoly\",\"description\":\"Er waait een wind van verandering\",\"publisher\":{\"@id\":\"https:\\\/\\\/eoly-energy.com\\\/fr\\\/#organization\"},\"potentialAction\":[{\"@type\":\"SearchAction\",\"target\":{\"@type\":\"EntryPoint\",\"urlTemplate\":\"https:\\\/\\\/eoly-energy.com\\\/fr\\\/?s={search_term_string}\"},\"query-input\":{\"@type\":\"PropertyValueSpecification\",\"valueRequired\":true,\"valueName\":\"search_term_string\"}}],\"inLanguage\":\"fr-FR\"},{\"@type\":\"Organization\",\"@id\":\"https:\\\/\\\/eoly-energy.com\\\/fr\\\/#organization\",\"name\":\"Eoly\",\"url\":\"https:\\\/\\\/eoly-energy.com\\\/fr\\\/\",\"logo\":{\"@type\":\"ImageObject\",\"inLanguage\":\"fr-FR\",\"@id\":\"https:\\\/\\\/eoly-energy.com\\\/fr\\\/#\\\/schema\\\/logo\\\/image\\\/\",\"url\":\"https:\\\/\\\/eoly-energy.com\\\/wp-content\\\/uploads\\\/2025\\\/01\\\/64a9e6bc-8e45-4738-a093-6e93c8bf16f0.png\",\"contentUrl\":\"https:\\\/\\\/eoly-energy.com\\\/wp-content\\\/uploads\\\/2025\\\/01\\\/64a9e6bc-8e45-4738-a093-6e93c8bf16f0.png\",\"width\":1920,\"height\":490,\"caption\":\"Eoly\"},\"image\":{\"@id\":\"https:\\\/\\\/eoly-energy.com\\\/fr\\\/#\\\/schema\\\/logo\\\/image\\\/\"}}]}<\/script>\n<!-- \/ Yoast SEO plugin. -->","yoast_head_json":{"title":"Le bruit des \u00e9oliennes a-t-il un impact sur la sant\u00e9\u202f? - Eoly","robots":{"index":"index","follow":"follow","max-snippet":"max-snippet:-1","max-image-preview":"max-image-preview:large","max-video-preview":"max-video-preview:-1"},"canonical":"https:\/\/eoly-energy.com\/fr\/faqs\/le-bruit-des-eoliennes-a-t-il-un-impact-sur-la-sante%e2%80%af\/","og_locale":"fr_FR","og_type":"article","og_title":"Le bruit des \u00e9oliennes a-t-il un impact sur la sant\u00e9\u202f? - Eoly","og_description":"De nombreuses recherches ont \u00e9t\u00e9 men\u00e9es sur les effets du bruit sur la sant\u00e9. Aucune de ces \u00e9tudes ne d\u00e9montre que le bruit provoque de la fatigue ou des hausses de tension.\u202fCertaines personnes sont toutefois d\u00e9rang\u00e9es par les \u00e9oliennes. Mais la mani\u00e8re dont le projet est mis sur pied influence probablement l\u2019exp\u00e9rience sonore des riverains.\u202fEn &hellip; Continue reading \"Le bruit des \u00e9oliennes a-t-il un impact sur la sant\u00e9\u202f?\"","og_url":"https:\/\/eoly-energy.com\/fr\/faqs\/le-bruit-des-eoliennes-a-t-il-un-impact-sur-la-sante%e2%80%af\/","og_site_name":"Eoly","twitter_card":"summary_large_image","schema":{"@context":"https:\/\/schema.org","@graph":[{"@type":"WebPage","@id":"https:\/\/eoly-energy.com\/fr\/faqs\/le-bruit-des-eoliennes-a-t-il-un-impact-sur-la-sante%e2%80%af\/","url":"https:\/\/eoly-energy.com\/fr\/faqs\/le-bruit-des-eoliennes-a-t-il-un-impact-sur-la-sante%e2%80%af\/","name":"Le bruit des \u00e9oliennes a-t-il un impact sur la sant\u00e9\u202f? - Eoly","isPartOf":{"@id":"https:\/\/eoly-energy.com\/fr\/#website"},"datePublished":"2021-10-04T09:42:12+00:00","breadcrumb":{"@id":"https:\/\/eoly-energy.com\/fr\/faqs\/le-bruit-des-eoliennes-a-t-il-un-impact-sur-la-sante%e2%80%af\/#breadcrumb"},"inLanguage":"fr-FR","potentialAction":[{"@type":"ReadAction","target":["https:\/\/eoly-energy.com\/fr\/faqs\/le-bruit-des-eoliennes-a-t-il-un-impact-sur-la-sante%e2%80%af\/"]}]},{"@type":"BreadcrumbList","@id":"https:\/\/eoly-energy.com\/fr\/faqs\/le-bruit-des-eoliennes-a-t-il-un-impact-sur-la-sante%e2%80%af\/#breadcrumb","itemListElement":[{"@type":"ListItem","position":1,"name":"Home","item":"https:\/\/eoly-energy.com\/fr\/"},{"@type":"ListItem","position":2,"name":"Faq","item":"https:\/\/eoly-energy.com\/fr\/faqs\/"},{"@type":"ListItem","position":3,"name":"Le bruit des \u00e9oliennes a-t-il un impact sur la sant\u00e9\u202f?"}]},{"@type":"WebSite","@id":"https:\/\/eoly-energy.com\/fr\/#website","url":"https:\/\/eoly-energy.com\/fr\/","name":"Eoly","description":"Er waait een wind van verandering","publisher":{"@id":"https:\/\/eoly-energy.com\/fr\/#organization"},"potentialAction":[{"@type":"SearchAction","target":{"@type":"EntryPoint","urlTemplate":"https:\/\/eoly-energy.com\/fr\/?s={search_term_string}"},"query-input":{"@type":"PropertyValueSpecification","valueRequired":true,"valueName":"search_term_string"}}],"inLanguage":"fr-FR"},{"@type":"Organization","@id":"https:\/\/eoly-energy.com\/fr\/#organization","name":"Eoly","url":"https:\/\/eoly-energy.com\/fr\/","logo":{"@type":"ImageObject","inLanguage":"fr-FR","@id":"https:\/\/eoly-energy.com\/fr\/#\/schema\/logo\/image\/","url":"https:\/\/eoly-energy.com\/wp-content\/uploads\/2025\/01\/64a9e6bc-8e45-4738-a093-6e93c8bf16f0.png","contentUrl":"https:\/\/eoly-energy.com\/wp-content\/uploads\/2025\/01\/64a9e6bc-8e45-4738-a093-6e93c8bf16f0.png","width":1920,"height":490,"caption":"Eoly"},"image":{"@id":"https:\/\/eoly-energy.com\/fr\/#\/schema\/logo\/image\/"}}]}},"_links":{"self":[{"href":"https:\/\/eoly-energy.com\/fr\/wp-json\/wp\/v2\/faq\/4553","targetHints":{"allow":["GET"]}}],"collection":[{"href":"https:\/\/eoly-energy.com\/fr\/wp-json\/wp\/v2\/faq"}],"about":[{"href":"https:\/\/eoly-energy.com\/fr\/wp-json\/wp\/v2\/types\/faq"}],"wp:attachment":[{"href":"https:\/\/eoly-energy.com\/fr\/wp-json\/wp\/v2\/media?parent=4553"}],"curies":[{"name":"wp","href":"https:\/\/api.w.org\/{rel}","templated":true}]}}