{"id":4551,"date":"2021-10-04T09:39:31","date_gmt":"2021-10-04T09:39:31","guid":{"rendered":"https:\/\/eoly-energy.com\/faqs\/les-eoliennes-causent-elles-des-nuisances-sonores%e2%80%af\/"},"modified":"2021-10-04T09:39:31","modified_gmt":"2021-10-04T09:39:31","slug":"les-eoliennes-causent-elles-des-nuisances-sonores%e2%80%af","status":"publish","type":"faq","link":"https:\/\/eoly-energy.com\/fr\/faqs\/les-eoliennes-causent-elles-des-nuisances-sonores%e2%80%af\/","title":{"rendered":"Les \u00e9oliennes causent-elles des nuisances sonores\u202f?"},"content":{"rendered":"<p><span class=\"TextRun SCXW196213275 BCX0\" lang=\"FR-FR\" xml:lang=\"FR-FR\" data-contrast=\"auto\"><span class=\"NormalTextRun SCXW196213275 BCX0\">La puissance sonore d\u00e9pend du bruit de fond et de la vitesse du vent.\u202fDe nos jours, les \u00e9oliennes sont beaucoup plus silencieuses.\u202fOn estime en g\u00e9n\u00e9ral que la nuisance sonore dispara\u00eet \u00e0 250\/300\u202fm\u00e8tres de distance.\u202fLe niveau sonore attendu est toujours pris en compte dans la d\u00e9livrance des permis.\u202fEn Flandre, chaque projet doit respecter des\u00a0<\/span><\/span><a class=\"Hyperlink SCXW196213275 BCX0\" href=\"https:\/\/navigator.emis.vito.be\/mijn-navigator?woId=42564\" target=\"_blank\" rel=\"noreferrer noopener\"><span class=\"TextRun Underlined SCXW196213275 BCX0\" lang=\"FR-FR\" xml:lang=\"FR-FR\" data-contrast=\"none\"><span class=\"NormalTextRun SCXW196213275 BCX0\" data-ccp-charstyle=\"Hyperlink\">normes acoustiques r\u00e9gionales<\/span><\/span><\/a><span class=\"TextRun SCXW196213275 BCX0\" lang=\"FR-FR\" xml:lang=\"FR-FR\" data-contrast=\"auto\"><span class=\"NormalTextRun SCXW196213275 BCX0\">.\u00a0<\/span><span class=\"NormalTextRun CommentStart SCXW196213275 BCX0\">La Wallonie applique des r\u00e8gles de distance<\/span><\/span><span class=\"TrackChangeTextInsertion TrackedChange SCXW196213275 BCX0\"><span class=\"TextRun SCXW196213275 BCX0\" lang=\"FR-FR\" xml:lang=\"FR-FR\" data-contrast=\"auto\"><span class=\"NormalTextRun SCXW196213275 BCX0\">\u00a0et des normes acoustiques<\/span><\/span><\/span><span class=\"TextRun SCXW196213275 BCX0\" lang=\"FR-FR\" xml:lang=\"FR-FR\" data-contrast=\"auto\"><span class=\"NormalTextRun SCXW196213275 BCX0\">.\u202fVous avez des questions sur l\u2019impact sonore sur votre propre habitation\u202f? Contactez-nous \u00e0 l\u2019adresse\u00a0<\/span><\/span><a class=\"Hyperlink SCXW196213275 BCX0\" href=\"mailto:info@eoly-energy.com\" target=\"_blank\" rel=\"noreferrer noopener\"><span class=\"TextRun Underlined SCXW196213275 BCX0\" lang=\"FR-FR\" xml:lang=\"FR-FR\" data-contrast=\"none\"><span class=\"NormalTextRun SCXW196213275 BCX0\" data-ccp-charstyle=\"Hyperlink\">info@eoly-energy.com<\/span><\/span><\/a><span class=\"TextRun SCXW196213275 BCX0\" lang=\"FR-FR\" xml:lang=\"FR-FR\" data-contrast=\"auto\"><span class=\"NormalTextRun SCXW196213275 BCX0\">.<\/span><\/span><span class=\"EOP SCXW196213275 BCX0\" data-ccp-props=\"{&quot;201341983&quot;:0,&quot;335559739&quot;:160,&quot;335559740&quot;:259}\">\u00a0<\/span><\/p>\n","protected":false},"template":"","class_list":["post-4551","faq","type-faq","status-publish","hentry","faq-cat-energieeolienne-fr"],"acf":[],"yoast_head":"<!-- This site is optimized with the Yoast SEO plugin v27.5 - https:\/\/yoast.com\/product\/yoast-seo-wordpress\/ -->\n<title>Les \u00e9oliennes causent-elles des nuisances sonores\u202f? - Eoly<\/title>\n<meta name=\"robots\" content=\"index, follow, max-snippet:-1, max-image-preview:large, max-video-preview:-1\" \/>\n<link rel=\"canonical\" href=\"https:\/\/eoly-energy.com\/fr\/faqs\/les-eoliennes-causent-elles-des-nuisances-sonores%e2%80%af\/\" \/>\n<meta property=\"og:locale\" content=\"fr_FR\" \/>\n<meta property=\"og:type\" content=\"article\" \/>\n<meta property=\"og:title\" content=\"Les \u00e9oliennes causent-elles des nuisances sonores\u202f? - Eoly\" \/>\n<meta property=\"og:description\" content=\"La puissance sonore d\u00e9pend du bruit de fond et de la vitesse du vent.\u202fDe nos jours, les \u00e9oliennes sont beaucoup plus silencieuses.\u202fOn estime en g\u00e9n\u00e9ral que la nuisance sonore dispara\u00eet \u00e0 250\/300\u202fm\u00e8tres de distance.\u202fLe niveau sonore attendu est toujours pris en compte dans la d\u00e9livrance des permis.\u202fEn Flandre, chaque projet doit respecter des\u00a0normes acoustiques r\u00e9gionales.\u00a0La &hellip; Continue reading &quot;Les \u00e9oliennes causent-elles des nuisances sonores\u202f?&quot;\" \/>\n<meta property=\"og:url\" content=\"https:\/\/eoly-energy.com\/fr\/faqs\/les-eoliennes-causent-elles-des-nuisances-sonores%e2%80%af\/\" \/>\n<meta property=\"og:site_name\" content=\"Eoly\" \/>\n<meta name=\"twitter:card\" content=\"summary_large_image\" \/>\n<script type=\"application\/ld+json\" class=\"yoast-schema-graph\">{\"@context\":\"https:\\\/\\\/schema.org\",\"@graph\":[{\"@type\":\"WebPage\",\"@id\":\"https:\\\/\\\/eoly-energy.com\\\/fr\\\/faqs\\\/les-eoliennes-causent-elles-des-nuisances-sonores%e2%80%af\\\/\",\"url\":\"https:\\\/\\\/eoly-energy.com\\\/fr\\\/faqs\\\/les-eoliennes-causent-elles-des-nuisances-sonores%e2%80%af\\\/\",\"name\":\"Les \u00e9oliennes causent-elles des nuisances sonores\u202f? - Eoly\",\"isPartOf\":{\"@id\":\"https:\\\/\\\/eoly-energy.com\\\/fr\\\/#website\"},\"datePublished\":\"2021-10-04T09:39:31+00:00\",\"breadcrumb\":{\"@id\":\"https:\\\/\\\/eoly-energy.com\\\/fr\\\/faqs\\\/les-eoliennes-causent-elles-des-nuisances-sonores%e2%80%af\\\/#breadcrumb\"},\"inLanguage\":\"fr-FR\",\"potentialAction\":[{\"@type\":\"ReadAction\",\"target\":[\"https:\\\/\\\/eoly-energy.com\\\/fr\\\/faqs\\\/les-eoliennes-causent-elles-des-nuisances-sonores%e2%80%af\\\/\"]}]},{\"@type\":\"BreadcrumbList\",\"@id\":\"https:\\\/\\\/eoly-energy.com\\\/fr\\\/faqs\\\/les-eoliennes-causent-elles-des-nuisances-sonores%e2%80%af\\\/#breadcrumb\",\"itemListElement\":[{\"@type\":\"ListItem\",\"position\":1,\"name\":\"Home\",\"item\":\"https:\\\/\\\/eoly-energy.com\\\/fr\\\/\"},{\"@type\":\"ListItem\",\"position\":2,\"name\":\"Faq\",\"item\":\"https:\\\/\\\/eoly-energy.com\\\/fr\\\/faqs\\\/\"},{\"@type\":\"ListItem\",\"position\":3,\"name\":\"Les \u00e9oliennes causent-elles des nuisances sonores\u202f?\"}]},{\"@type\":\"WebSite\",\"@id\":\"https:\\\/\\\/eoly-energy.com\\\/fr\\\/#website\",\"url\":\"https:\\\/\\\/eoly-energy.com\\\/fr\\\/\",\"name\":\"Eoly\",\"description\":\"Er waait een wind van verandering\",\"publisher\":{\"@id\":\"https:\\\/\\\/eoly-energy.com\\\/fr\\\/#organization\"},\"potentialAction\":[{\"@type\":\"SearchAction\",\"target\":{\"@type\":\"EntryPoint\",\"urlTemplate\":\"https:\\\/\\\/eoly-energy.com\\\/fr\\\/?s={search_term_string}\"},\"query-input\":{\"@type\":\"PropertyValueSpecification\",\"valueRequired\":true,\"valueName\":\"search_term_string\"}}],\"inLanguage\":\"fr-FR\"},{\"@type\":\"Organization\",\"@id\":\"https:\\\/\\\/eoly-energy.com\\\/fr\\\/#organization\",\"name\":\"Eoly\",\"url\":\"https:\\\/\\\/eoly-energy.com\\\/fr\\\/\",\"logo\":{\"@type\":\"ImageObject\",\"inLanguage\":\"fr-FR\",\"@id\":\"https:\\\/\\\/eoly-energy.com\\\/fr\\\/#\\\/schema\\\/logo\\\/image\\\/\",\"url\":\"https:\\\/\\\/eoly-energy.com\\\/wp-content\\\/uploads\\\/2025\\\/01\\\/64a9e6bc-8e45-4738-a093-6e93c8bf16f0.png\",\"contentUrl\":\"https:\\\/\\\/eoly-energy.com\\\/wp-content\\\/uploads\\\/2025\\\/01\\\/64a9e6bc-8e45-4738-a093-6e93c8bf16f0.png\",\"width\":1920,\"height\":490,\"caption\":\"Eoly\"},\"image\":{\"@id\":\"https:\\\/\\\/eoly-energy.com\\\/fr\\\/#\\\/schema\\\/logo\\\/image\\\/\"}}]}<\/script>\n<!-- \/ Yoast SEO plugin. -->","yoast_head_json":{"title":"Les \u00e9oliennes causent-elles des nuisances sonores\u202f? - Eoly","robots":{"index":"index","follow":"follow","max-snippet":"max-snippet:-1","max-image-preview":"max-image-preview:large","max-video-preview":"max-video-preview:-1"},"canonical":"https:\/\/eoly-energy.com\/fr\/faqs\/les-eoliennes-causent-elles-des-nuisances-sonores%e2%80%af\/","og_locale":"fr_FR","og_type":"article","og_title":"Les \u00e9oliennes causent-elles des nuisances sonores\u202f? - Eoly","og_description":"La puissance sonore d\u00e9pend du bruit de fond et de la vitesse du vent.\u202fDe nos jours, les \u00e9oliennes sont beaucoup plus silencieuses.\u202fOn estime en g\u00e9n\u00e9ral que la nuisance sonore dispara\u00eet \u00e0 250\/300\u202fm\u00e8tres de distance.\u202fLe niveau sonore attendu est toujours pris en compte dans la d\u00e9livrance des permis.\u202fEn Flandre, chaque projet doit respecter des\u00a0normes acoustiques r\u00e9gionales.\u00a0La &hellip; Continue reading \"Les \u00e9oliennes causent-elles des nuisances sonores\u202f?\"","og_url":"https:\/\/eoly-energy.com\/fr\/faqs\/les-eoliennes-causent-elles-des-nuisances-sonores%e2%80%af\/","og_site_name":"Eoly","twitter_card":"summary_large_image","schema":{"@context":"https:\/\/schema.org","@graph":[{"@type":"WebPage","@id":"https:\/\/eoly-energy.com\/fr\/faqs\/les-eoliennes-causent-elles-des-nuisances-sonores%e2%80%af\/","url":"https:\/\/eoly-energy.com\/fr\/faqs\/les-eoliennes-causent-elles-des-nuisances-sonores%e2%80%af\/","name":"Les \u00e9oliennes causent-elles des nuisances sonores\u202f? - Eoly","isPartOf":{"@id":"https:\/\/eoly-energy.com\/fr\/#website"},"datePublished":"2021-10-04T09:39:31+00:00","breadcrumb":{"@id":"https:\/\/eoly-energy.com\/fr\/faqs\/les-eoliennes-causent-elles-des-nuisances-sonores%e2%80%af\/#breadcrumb"},"inLanguage":"fr-FR","potentialAction":[{"@type":"ReadAction","target":["https:\/\/eoly-energy.com\/fr\/faqs\/les-eoliennes-causent-elles-des-nuisances-sonores%e2%80%af\/"]}]},{"@type":"BreadcrumbList","@id":"https:\/\/eoly-energy.com\/fr\/faqs\/les-eoliennes-causent-elles-des-nuisances-sonores%e2%80%af\/#breadcrumb","itemListElement":[{"@type":"ListItem","position":1,"name":"Home","item":"https:\/\/eoly-energy.com\/fr\/"},{"@type":"ListItem","position":2,"name":"Faq","item":"https:\/\/eoly-energy.com\/fr\/faqs\/"},{"@type":"ListItem","position":3,"name":"Les \u00e9oliennes causent-elles des nuisances sonores\u202f?"}]},{"@type":"WebSite","@id":"https:\/\/eoly-energy.com\/fr\/#website","url":"https:\/\/eoly-energy.com\/fr\/","name":"Eoly","description":"Er waait een wind van verandering","publisher":{"@id":"https:\/\/eoly-energy.com\/fr\/#organization"},"potentialAction":[{"@type":"SearchAction","target":{"@type":"EntryPoint","urlTemplate":"https:\/\/eoly-energy.com\/fr\/?s={search_term_string}"},"query-input":{"@type":"PropertyValueSpecification","valueRequired":true,"valueName":"search_term_string"}}],"inLanguage":"fr-FR"},{"@type":"Organization","@id":"https:\/\/eoly-energy.com\/fr\/#organization","name":"Eoly","url":"https:\/\/eoly-energy.com\/fr\/","logo":{"@type":"ImageObject","inLanguage":"fr-FR","@id":"https:\/\/eoly-energy.com\/fr\/#\/schema\/logo\/image\/","url":"https:\/\/eoly-energy.com\/wp-content\/uploads\/2025\/01\/64a9e6bc-8e45-4738-a093-6e93c8bf16f0.png","contentUrl":"https:\/\/eoly-energy.com\/wp-content\/uploads\/2025\/01\/64a9e6bc-8e45-4738-a093-6e93c8bf16f0.png","width":1920,"height":490,"caption":"Eoly"},"image":{"@id":"https:\/\/eoly-energy.com\/fr\/#\/schema\/logo\/image\/"}}]}},"_links":{"self":[{"href":"https:\/\/eoly-energy.com\/fr\/wp-json\/wp\/v2\/faq\/4551","targetHints":{"allow":["GET"]}}],"collection":[{"href":"https:\/\/eoly-energy.com\/fr\/wp-json\/wp\/v2\/faq"}],"about":[{"href":"https:\/\/eoly-energy.com\/fr\/wp-json\/wp\/v2\/types\/faq"}],"wp:attachment":[{"href":"https:\/\/eoly-energy.com\/fr\/wp-json\/wp\/v2\/media?parent=4551"}],"curies":[{"name":"wp","href":"https:\/\/api.w.org\/{rel}","templated":true}]}}