{"id":4550,"date":"2021-10-04T08:36:22","date_gmt":"2021-10-04T08:36:22","guid":{"rendered":"https:\/\/eoly-energy.com\/faqs\/peut-on-installer-des-eoliennes-nimporte-ou%e2%80%af\/"},"modified":"2021-10-04T08:36:22","modified_gmt":"2021-10-04T08:36:22","slug":"peut-on-installer-des-eoliennes-nimporte-ou%e2%80%af","status":"publish","type":"faq","link":"https:\/\/eoly-energy.com\/fr\/faqs\/peut-on-installer-des-eoliennes-nimporte-ou%e2%80%af\/","title":{"rendered":"Peut-on installer des \u00e9oliennes n\u2019importe o\u00f9\u202f?"},"content":{"rendered":"<p><span class=\"TextRun  BCX0 SCXW86736680\" lang=\"FR-FR\" xml:lang=\"FR-FR\" data-contrast=\"auto\"><span class=\"NormalTextRun  BCX0 SCXW86736680\">Non. <\/span><\/span><span class=\"TrackChangeTextInsertion TrackedChange  BCX0 SCXW86736680\"><span class=\"TextRun  BCX0 SCXW86736680\" lang=\"FR-BE\" xml:lang=\"FR-BE\" data-contrast=\"auto\"><span class=\"NormalTextRun  BCX0 SCXW86736680\">En Flandre, le Plan structurel d\u2019am\u00e9nagement du territoire du gouvernement flamand<\/span><\/span><\/span><span class=\"TrackChangeTextInsertion TrackedChange  BCX0 SCXW86736680\"><span class=\"TextRun  BCX0 SCXW86736680\" lang=\"FR-FR\" xml:lang=\"FR-FR\" data-contrast=\"auto\"><span class=\"NormalTextRun  BCX0 SCXW86736680\">\u00a0<\/span><\/span><\/span><span class=\"TextRun  BCX0 SCXW86736680\" lang=\"FR-FR\" xml:lang=\"FR-FR\" data-contrast=\"auto\"><span class=\"NormalTextRun  BCX0 SCXW86736680\">d\u00e9termine les conditions pr\u00e9alables \u00e0 toutes les initiatives de d\u00e9veloppement territorial, y compris les parcs \u00e9oliens. Ces r\u00e8gles ne sont pas contraignantes, mais pour obtenir le permis, les promoteurs doivent\u00a0<\/span><span class=\"NormalTextRun  BCX0 SCXW86736680\">respecter les normes et r\u00e8gles \u00e9nonc\u00e9es dans le\u00a0<\/span><span class=\"SpellingError  BCX0 SCXW86736680\">Vlarem<\/span><span class=\"NormalTextRun  BCX0 SCXW86736680\">\u00a0(r\u00e8glement flamand relatif \u00e0 l\u2019autorisation \u00e9cologique) et une\u00a0<\/span><\/span><a class=\"Hyperlink  BCX0 SCXW86736680\" href=\"https:\/\/omgeving.vlaanderen.be\/sites\/default\/files\/atoms\/files\/ozb_2014_02_wts.pdf\" target=\"_blank\" rel=\"noreferrer noopener\"><span class=\"TextRun Underlined  BCX0 SCXW86736680\" lang=\"FR-FR\" xml:lang=\"FR-FR\" data-contrast=\"none\"><span class=\"NormalTextRun  BCX0 SCXW86736680\" data-ccp-charstyle=\"Hyperlink\">circulaire flamande<\/span><\/span><\/a><span class=\"TextRun  BCX0 SCXW86736680\" lang=\"FR-FR\" xml:lang=\"FR-FR\" data-contrast=\"auto\"><span class=\"NormalTextRun  BCX0 SCXW86736680\">. Le cadre politique d\u2019am\u00e9nagement du territoire de la Wallonie peut \u00eatre consult\u00e9 ici.\u202f<\/span><\/span><span class=\"EOP  BCX0 SCXW86736680\" data-ccp-props=\"{&quot;201341983&quot;:0,&quot;335559739&quot;:160,&quot;335559740&quot;:259}\">\u00a0<\/span><\/p>\n","protected":false},"template":"","class_list":["post-4550","faq","type-faq","status-publish","hentry","faq-cat-energieeolienne-fr"],"acf":[],"yoast_head":"<!-- This site is optimized with the Yoast SEO plugin v27.5 - https:\/\/yoast.com\/product\/yoast-seo-wordpress\/ -->\n<title>Peut-on installer des \u00e9oliennes n\u2019importe o\u00f9\u202f? - Eoly<\/title>\n<meta name=\"robots\" content=\"index, follow, max-snippet:-1, max-image-preview:large, max-video-preview:-1\" \/>\n<link rel=\"canonical\" href=\"https:\/\/eoly-energy.com\/fr\/faqs\/peut-on-installer-des-eoliennes-nimporte-ou%e2%80%af\/\" \/>\n<meta property=\"og:locale\" content=\"fr_FR\" \/>\n<meta property=\"og:type\" content=\"article\" \/>\n<meta property=\"og:title\" content=\"Peut-on installer des \u00e9oliennes n\u2019importe o\u00f9\u202f? - Eoly\" \/>\n<meta property=\"og:description\" content=\"Non. En Flandre, le Plan structurel d\u2019am\u00e9nagement du territoire du gouvernement flamand\u00a0d\u00e9termine les conditions pr\u00e9alables \u00e0 toutes les initiatives de d\u00e9veloppement territorial, y compris les parcs \u00e9oliens. Ces r\u00e8gles ne sont pas contraignantes, mais pour obtenir le permis, les promoteurs doivent\u00a0respecter les normes et r\u00e8gles \u00e9nonc\u00e9es dans le\u00a0Vlarem\u00a0(r\u00e8glement flamand relatif \u00e0 l\u2019autorisation \u00e9cologique) et une\u00a0circulaire &hellip; Continue reading &quot;Peut-on installer des \u00e9oliennes n\u2019importe o\u00f9\u202f?&quot;\" \/>\n<meta property=\"og:url\" content=\"https:\/\/eoly-energy.com\/fr\/faqs\/peut-on-installer-des-eoliennes-nimporte-ou%e2%80%af\/\" \/>\n<meta property=\"og:site_name\" content=\"Eoly\" \/>\n<meta name=\"twitter:card\" content=\"summary_large_image\" \/>\n<script type=\"application\/ld+json\" class=\"yoast-schema-graph\">{\"@context\":\"https:\\\/\\\/schema.org\",\"@graph\":[{\"@type\":\"WebPage\",\"@id\":\"https:\\\/\\\/eoly-energy.com\\\/fr\\\/faqs\\\/peut-on-installer-des-eoliennes-nimporte-ou%e2%80%af\\\/\",\"url\":\"https:\\\/\\\/eoly-energy.com\\\/fr\\\/faqs\\\/peut-on-installer-des-eoliennes-nimporte-ou%e2%80%af\\\/\",\"name\":\"Peut-on installer des \u00e9oliennes n\u2019importe o\u00f9\u202f? - Eoly\",\"isPartOf\":{\"@id\":\"https:\\\/\\\/eoly-energy.com\\\/fr\\\/#website\"},\"datePublished\":\"2021-10-04T08:36:22+00:00\",\"breadcrumb\":{\"@id\":\"https:\\\/\\\/eoly-energy.com\\\/fr\\\/faqs\\\/peut-on-installer-des-eoliennes-nimporte-ou%e2%80%af\\\/#breadcrumb\"},\"inLanguage\":\"fr-FR\",\"potentialAction\":[{\"@type\":\"ReadAction\",\"target\":[\"https:\\\/\\\/eoly-energy.com\\\/fr\\\/faqs\\\/peut-on-installer-des-eoliennes-nimporte-ou%e2%80%af\\\/\"]}]},{\"@type\":\"BreadcrumbList\",\"@id\":\"https:\\\/\\\/eoly-energy.com\\\/fr\\\/faqs\\\/peut-on-installer-des-eoliennes-nimporte-ou%e2%80%af\\\/#breadcrumb\",\"itemListElement\":[{\"@type\":\"ListItem\",\"position\":1,\"name\":\"Home\",\"item\":\"https:\\\/\\\/eoly-energy.com\\\/fr\\\/\"},{\"@type\":\"ListItem\",\"position\":2,\"name\":\"Faq\",\"item\":\"https:\\\/\\\/eoly-energy.com\\\/fr\\\/faqs\\\/\"},{\"@type\":\"ListItem\",\"position\":3,\"name\":\"Peut-on installer des \u00e9oliennes n\u2019importe o\u00f9\u202f?\"}]},{\"@type\":\"WebSite\",\"@id\":\"https:\\\/\\\/eoly-energy.com\\\/fr\\\/#website\",\"url\":\"https:\\\/\\\/eoly-energy.com\\\/fr\\\/\",\"name\":\"Eoly\",\"description\":\"Er waait een wind van verandering\",\"publisher\":{\"@id\":\"https:\\\/\\\/eoly-energy.com\\\/fr\\\/#organization\"},\"potentialAction\":[{\"@type\":\"SearchAction\",\"target\":{\"@type\":\"EntryPoint\",\"urlTemplate\":\"https:\\\/\\\/eoly-energy.com\\\/fr\\\/?s={search_term_string}\"},\"query-input\":{\"@type\":\"PropertyValueSpecification\",\"valueRequired\":true,\"valueName\":\"search_term_string\"}}],\"inLanguage\":\"fr-FR\"},{\"@type\":\"Organization\",\"@id\":\"https:\\\/\\\/eoly-energy.com\\\/fr\\\/#organization\",\"name\":\"Eoly\",\"url\":\"https:\\\/\\\/eoly-energy.com\\\/fr\\\/\",\"logo\":{\"@type\":\"ImageObject\",\"inLanguage\":\"fr-FR\",\"@id\":\"https:\\\/\\\/eoly-energy.com\\\/fr\\\/#\\\/schema\\\/logo\\\/image\\\/\",\"url\":\"https:\\\/\\\/eoly-energy.com\\\/wp-content\\\/uploads\\\/2025\\\/01\\\/64a9e6bc-8e45-4738-a093-6e93c8bf16f0.png\",\"contentUrl\":\"https:\\\/\\\/eoly-energy.com\\\/wp-content\\\/uploads\\\/2025\\\/01\\\/64a9e6bc-8e45-4738-a093-6e93c8bf16f0.png\",\"width\":1920,\"height\":490,\"caption\":\"Eoly\"},\"image\":{\"@id\":\"https:\\\/\\\/eoly-energy.com\\\/fr\\\/#\\\/schema\\\/logo\\\/image\\\/\"}}]}<\/script>\n<!-- \/ Yoast SEO plugin. -->","yoast_head_json":{"title":"Peut-on installer des \u00e9oliennes n\u2019importe o\u00f9\u202f? - Eoly","robots":{"index":"index","follow":"follow","max-snippet":"max-snippet:-1","max-image-preview":"max-image-preview:large","max-video-preview":"max-video-preview:-1"},"canonical":"https:\/\/eoly-energy.com\/fr\/faqs\/peut-on-installer-des-eoliennes-nimporte-ou%e2%80%af\/","og_locale":"fr_FR","og_type":"article","og_title":"Peut-on installer des \u00e9oliennes n\u2019importe o\u00f9\u202f? - Eoly","og_description":"Non. En Flandre, le Plan structurel d\u2019am\u00e9nagement du territoire du gouvernement flamand\u00a0d\u00e9termine les conditions pr\u00e9alables \u00e0 toutes les initiatives de d\u00e9veloppement territorial, y compris les parcs \u00e9oliens. Ces r\u00e8gles ne sont pas contraignantes, mais pour obtenir le permis, les promoteurs doivent\u00a0respecter les normes et r\u00e8gles \u00e9nonc\u00e9es dans le\u00a0Vlarem\u00a0(r\u00e8glement flamand relatif \u00e0 l\u2019autorisation \u00e9cologique) et une\u00a0circulaire &hellip; Continue reading \"Peut-on installer des \u00e9oliennes n\u2019importe o\u00f9\u202f?\"","og_url":"https:\/\/eoly-energy.com\/fr\/faqs\/peut-on-installer-des-eoliennes-nimporte-ou%e2%80%af\/","og_site_name":"Eoly","twitter_card":"summary_large_image","schema":{"@context":"https:\/\/schema.org","@graph":[{"@type":"WebPage","@id":"https:\/\/eoly-energy.com\/fr\/faqs\/peut-on-installer-des-eoliennes-nimporte-ou%e2%80%af\/","url":"https:\/\/eoly-energy.com\/fr\/faqs\/peut-on-installer-des-eoliennes-nimporte-ou%e2%80%af\/","name":"Peut-on installer des \u00e9oliennes n\u2019importe o\u00f9\u202f? - Eoly","isPartOf":{"@id":"https:\/\/eoly-energy.com\/fr\/#website"},"datePublished":"2021-10-04T08:36:22+00:00","breadcrumb":{"@id":"https:\/\/eoly-energy.com\/fr\/faqs\/peut-on-installer-des-eoliennes-nimporte-ou%e2%80%af\/#breadcrumb"},"inLanguage":"fr-FR","potentialAction":[{"@type":"ReadAction","target":["https:\/\/eoly-energy.com\/fr\/faqs\/peut-on-installer-des-eoliennes-nimporte-ou%e2%80%af\/"]}]},{"@type":"BreadcrumbList","@id":"https:\/\/eoly-energy.com\/fr\/faqs\/peut-on-installer-des-eoliennes-nimporte-ou%e2%80%af\/#breadcrumb","itemListElement":[{"@type":"ListItem","position":1,"name":"Home","item":"https:\/\/eoly-energy.com\/fr\/"},{"@type":"ListItem","position":2,"name":"Faq","item":"https:\/\/eoly-energy.com\/fr\/faqs\/"},{"@type":"ListItem","position":3,"name":"Peut-on installer des \u00e9oliennes n\u2019importe o\u00f9\u202f?"}]},{"@type":"WebSite","@id":"https:\/\/eoly-energy.com\/fr\/#website","url":"https:\/\/eoly-energy.com\/fr\/","name":"Eoly","description":"Er waait een wind van verandering","publisher":{"@id":"https:\/\/eoly-energy.com\/fr\/#organization"},"potentialAction":[{"@type":"SearchAction","target":{"@type":"EntryPoint","urlTemplate":"https:\/\/eoly-energy.com\/fr\/?s={search_term_string}"},"query-input":{"@type":"PropertyValueSpecification","valueRequired":true,"valueName":"search_term_string"}}],"inLanguage":"fr-FR"},{"@type":"Organization","@id":"https:\/\/eoly-energy.com\/fr\/#organization","name":"Eoly","url":"https:\/\/eoly-energy.com\/fr\/","logo":{"@type":"ImageObject","inLanguage":"fr-FR","@id":"https:\/\/eoly-energy.com\/fr\/#\/schema\/logo\/image\/","url":"https:\/\/eoly-energy.com\/wp-content\/uploads\/2025\/01\/64a9e6bc-8e45-4738-a093-6e93c8bf16f0.png","contentUrl":"https:\/\/eoly-energy.com\/wp-content\/uploads\/2025\/01\/64a9e6bc-8e45-4738-a093-6e93c8bf16f0.png","width":1920,"height":490,"caption":"Eoly"},"image":{"@id":"https:\/\/eoly-energy.com\/fr\/#\/schema\/logo\/image\/"}}]}},"_links":{"self":[{"href":"https:\/\/eoly-energy.com\/fr\/wp-json\/wp\/v2\/faq\/4550","targetHints":{"allow":["GET"]}}],"collection":[{"href":"https:\/\/eoly-energy.com\/fr\/wp-json\/wp\/v2\/faq"}],"about":[{"href":"https:\/\/eoly-energy.com\/fr\/wp-json\/wp\/v2\/types\/faq"}],"wp:attachment":[{"href":"https:\/\/eoly-energy.com\/fr\/wp-json\/wp\/v2\/media?parent=4550"}],"curies":[{"name":"wp","href":"https:\/\/api.w.org\/{rel}","templated":true}]}}